{"id":1145,"date":"2021-07-01T14:08:00","date_gmt":"2021-07-01T12:08:00","guid":{"rendered":"https:\/\/blendedlearning.th-nuernberg.de\/portal_digitale_lehre\/?post_type=praxisbeispiel&#038;p=1145"},"modified":"2023-10-31T16:16:56","modified_gmt":"2023-10-31T15:16:56","slug":"grundlagen-aktiv-vernetzen-das-projekt-multipendel-modell-und-simulation","status":"publish","type":"praxisbeispiel","link":"https:\/\/leko.service.th-nuernberg.de\/portal-digitale-lehre\/praxisbeispiele\/grundlagen-aktiv-vernetzen-das-projekt-multipendel-modell-und-simulation\/","title":{"rendered":"Grundlagen aktiv vernetzen: Das Projekt MULTIPENDEL \u2013 Modell und Simulation"},"content":{"rendered":"\n<p>In diesem Praxisbeispiel erfahren Sie, wie Sie mit einer freiwilligen Zusatzveranstaltung den Studierenden die M\u00f6glichkeit bieten, Fachinhalte erfahrbar zu machen und damit Berufschancen zu verbessern. Die Veranstaltung erm\u00f6glicht praxisorientierte Erfahrungen, bspw. in Softwarel\u00f6sungen (hier MATLAB) und den Erwerb von Methodenkompetenzen. Gro\u00dfe Teilnehmerzahlen und positive Umfrageergebnisse best\u00e4tigen den Bedarf an dieser Art Projektveranstaltung.<\/p>\n\n\n\n<p class=\"is-style-info coblocks-alert-paragraph has-ast-global-color-6-background-color has-background\">An geeigneten Demonstratoren werden Pendelbewegungen beobachtet und in mathematische Modelle \u00fcberf\u00fchrt. Der gesamte Prozess: Ph\u00e4nomen \u2192 Modell \u2192 Algorithmus \u2192 Simulation \u2192 Interpretation wird abgebildet. So werden Fachinhalte aus Mechanik, Mathematik und Informatik aktiv zusammengef\u00fchrt.<\/p>\n\n\n\n<h2 class=\"wp-block-heading\"><strong><strong>Die Ausgangslage<\/strong><\/strong><\/h2>\n\n\n\n<p>Die Lehrveranstaltung Numerische L\u00f6sungsverfahren (NLV) wurde im vierten Semester verpflichtend f\u00fcr alle Studierenden des Bachelorstudiengangs Maschinenbau als Teil des Moduls Ingenieurinformatik gehalten. Sie ist der Vermittlung von Methoden zur numerischen L\u00f6sung ingenieurwissenschaftlicher Aufgabenstellungen gewidmet. Im Wintersemester waren durchschnittlich 50 Studierende in der Vorlesung und im Sommersemester durchschnittlich 100 Studierende.<\/p>\n\n\n\n<p>Die gesamte Veranstaltung umfasste regul\u00e4r nur zwei Semesterwochenstunden. Somit war eine praxisorientierte Einf\u00fchrung in MATLAB, und insbesondere in die Programmierung mit MATLAB, leider nicht m\u00f6glich.<\/p>\n\n\n\n<h2 class=\"wp-block-heading\"><strong>Die L\u00f6sung: Ein erg\u00e4nzendes Fach mit Praxisbezug<\/strong><\/h2>\n\n\n\n<p>Daher wurde eine freiwillige Zusatzveranstaltung zur Einarbeitung interessierter Studierender in MATLAB aufgebaut. Ziel war es, an den Beispielen des einfachen Pendels als Faden-&nbsp; bzw. Stabpendel und der entsprechenden Doppelpendel Bewegungsvorg\u00e4nge zu beobachten, die zugeh\u00f6rigen Differentialgleichungen zu formulieren und diese mit numerischen Verfahren, die in der Vorlesung behandelt werden, zu l\u00f6sen. Die Implementierung der Algorithmen wurde in MATLAB durch die teilnehmenden Studierenden unter Anleitung der Dozentin und studentischer Hilfskr\u00e4fte realisiert, nachdem die Studierenden anhand von ersten \u00dcbungen an die Programmierung mit MATLAB herangef\u00fchrt wurden. Die Ergebnisse dieser Zusatzveranstaltung wurden am Ende des Semesters in der regul\u00e4ren Vorlesung allen Studierenden pr\u00e4sentiert und gegebenenfalls zug\u00e4nglich gemacht.<\/p>\n\n\n\n<h2 class=\"wp-block-heading\"><strong>Wie ist das Fach aufgebaut?<\/strong><\/h2>\n\n\n\n<figure class=\"wp-block-image alignright size-full is-resized\"><img loading=\"lazy\" decoding=\"async\" width=\"487\" height=\"427\" src=\"https:\/\/leko.service.th-nuernberg.de\/portal-digitale-lehre\/wp-content\/uploads\/2022\/08\/Papastavrou_Praxisbericht_Abb1.png\" alt=\"Darstellung eines Doppelfadenpendels veranschaulicht anhand eines Diagramms\" class=\"wp-image-1147\" style=\"width:405px;height:355px\" srcset=\"https:\/\/leko.service.th-nuernberg.de\/portal-digitale-lehre\/wp-content\/uploads\/2022\/08\/Papastavrou_Praxisbericht_Abb1.png 487w, https:\/\/leko.service.th-nuernberg.de\/portal-digitale-lehre\/wp-content\/uploads\/2022\/08\/Papastavrou_Praxisbericht_Abb1-300x263.png 300w\" sizes=\"auto, (max-width: 487px) 100vw, 487px\" \/><figcaption class=\"wp-element-caption\">Abb. 1: Darstellung eines Doppelfadenpendels.<\/figcaption><\/figure>\n\n\n\n<p>Zur Motivation des physikalischen Problems werden geeignete Demonstratoren f\u00fcr ein einfaches Pendel, ein Doppelpendel, sowie sp\u00e4ter f\u00fcr kompliziertere Pendel ben\u00f6tigt. An ihnen sollen die Bewegungsvorg\u00e4nge beobachtet werden, um sie dann in mathematischen Modellen in Form von Differentialgleichungen zu formulieren. Diese sollen anschlie\u00dfend mittels geeigneter numerischer Verfahren computergest\u00fctzt gel\u00f6st werden (siehe Abb. 1). An den visualisierten L\u00f6sungen kann schlie\u00dflich das Verst\u00e4ndnis f\u00fcr die komplexen Zusammenh\u00e4nge reflektiert werden und Abweichungen zwischen Realit\u00e4t und Simulation k\u00f6nnen beobachtet werden. Somit wird die gesamte Prozesskette vom Ph\u00e4nomen zum Modell \u00fcber den Algorithmus zur Simulation und der Interpretation der Ergebnisse bis zum vertieften Verst\u00e4ndnis des Ausgangsproblems abgebildet.<\/p>\n\n\n\n<h2 class=\"wp-block-heading\"><strong>Wie kam das Fach bei den Studierenden an?<\/strong><\/h2>\n\n\n\n<h3 class=\"wp-block-heading\"><strong>Teilnahme<\/strong><\/h3>\n\n\n\n<p>Eine \u00dcberraschung war das gro\u00dfe Interesse an dem in der Vorlesung vorgestellten freiwilligen MATLAB-Pendel-Projekt. \u00dcber die H\u00e4lfte der Befragten bekundeten Interesse an einer Kursteilnahme und tats\u00e4chlich war die Teilnahmequote dann nochmal um 20% h\u00f6her. Um allen Interessierten die Teilnahme erm\u00f6glichen zu k\u00f6nnen, wurde der Kurs nicht nur f\u00fcr eine Gruppe, sondern f\u00fcr zwei Gruppen angeboten. An dieser Stelle sei das gro\u00dfe Engagement der studentischen Hilfskr\u00e4fte hervorgehoben.<\/p>\n\n\n\n<h3 class=\"wp-block-heading\"><strong>Eingangsumfrage<\/strong><\/h3>\n\n\n\n<p>Zu Beginn der jeweils ersten Kursstunde wurde gleich nach einer kurzen Einleitung eine Online-Umfrage gestartet. Die Beteiligung an der Umfrage war in beiden Gruppen mit einem R\u00fccklauf von 94 % sehr gro\u00df.<\/p>\n\n\n\n<p>Insbesondere wurde nach der Motivation zur Teilnahme an dem freiwilligen Extrakurs (siehe Abb. 2) gefragt. Es war m\u00f6glich, mehrere Antworten gleichzeitig auszuw\u00e4hlen. Die meisten Nennungen (30 von 49) entfielen auf verbesserte Chancen auf dem Stellenmarkt, gefolgt von der M\u00f6glichkeit, MATLAB im sp\u00e4teren Verlauf des Studiums nutzen zu k\u00f6nnen (24 von 49).<\/p>\n\n\n\n<figure class=\"wp-block-image size-large\"><img loading=\"lazy\" decoding=\"async\" width=\"1024\" height=\"632\" src=\"https:\/\/leko.service.th-nuernberg.de\/portal-digitale-lehre\/wp-content\/uploads\/2022\/08\/Papastavrou_Praxisbericht_Abb2-1024x632.png\" alt=\"Balkendiagramm zu dem Ergebnis der Eingangsumfrage\" class=\"wp-image-1148\" srcset=\"https:\/\/leko.service.th-nuernberg.de\/portal-digitale-lehre\/wp-content\/uploads\/2022\/08\/Papastavrou_Praxisbericht_Abb2-1024x632.png 1024w, https:\/\/leko.service.th-nuernberg.de\/portal-digitale-lehre\/wp-content\/uploads\/2022\/08\/Papastavrou_Praxisbericht_Abb2-768x474.png 768w, https:\/\/leko.service.th-nuernberg.de\/portal-digitale-lehre\/wp-content\/uploads\/2022\/08\/Papastavrou_Praxisbericht_Abb2-1536x948.png 1536w, https:\/\/leko.service.th-nuernberg.de\/portal-digitale-lehre\/wp-content\/uploads\/2022\/08\/Papastavrou_Praxisbericht_Abb2-300x185.png 300w, https:\/\/leko.service.th-nuernberg.de\/portal-digitale-lehre\/wp-content\/uploads\/2022\/08\/Papastavrou_Praxisbericht_Abb2-1600x988.png 1600w, https:\/\/leko.service.th-nuernberg.de\/portal-digitale-lehre\/wp-content\/uploads\/2022\/08\/Papastavrou_Praxisbericht_Abb2.png 1612w\" sizes=\"auto, (max-width: 1024px) 100vw, 1024px\" \/><figcaption class=\"wp-element-caption\">Abb. 2: Ergebnis der Eingangsumfrage: Motivation zur Teilnahme.<\/figcaption><\/figure>\n\n\n\n<h3 class=\"wp-block-heading\"><strong>Abschlussumfrage<\/strong><\/h3>\n\n\n\n<p>Am Ende des Kurses wurde wieder in beiden Gruppen um die Teilnahme an einer Online-Umfrage gebeten. Die Beteiligung war mit rund 67 % nicht ganz so hoch wie bei der ersten Umfrage. Insgesamt zeigte sich unter den an der Umfrage Teilnehmenden ein gro\u00dfes (74%) bis sehr gro\u00dfes (18%) Interesse an dem durchgef\u00fchrten Kurs. Der Umfang des Lernstoffes wurde als verh\u00e4ltnism\u00e4\u00dfig umfangreich empfunden. Das Engagement der Tutoren und der Dozentin wurde positiv angenommen. Die Teilnehmenden f\u00fchlten sich gut (38%) bis sehr gut (62%) unterst\u00fctzt. Die Einbeziehung von studentischen Hilfskr\u00e4ften, insbesondere bei der Durchf\u00fchrung von Rechner\u00fcbungen, hat sich hier als besonders effektiv erwiesen.<\/p>\n\n\n\n<h2 class=\"wp-block-heading\"><strong>Wie geht es weiter?<\/strong><\/h2>\n\n\n\n<figure class=\"wp-block-image alignright size-large is-resized\"><img loading=\"lazy\" decoding=\"async\" width=\"562\" height=\"1024\" src=\"https:\/\/leko.service.th-nuernberg.de\/portal-digitale-lehre\/wp-content\/uploads\/2022\/08\/Papastavrou_Praxisbericht_Abb3-562x1024.jpg\" alt=\"Demonstrator \u201cDoppelpendel\u201d mit Magnet zur Befestigung an der Tafel\" class=\"wp-image-1149\" style=\"width:195px;height:355px\" srcset=\"https:\/\/leko.service.th-nuernberg.de\/portal-digitale-lehre\/wp-content\/uploads\/2022\/08\/Papastavrou_Praxisbericht_Abb3-562x1024.jpg 562w, https:\/\/leko.service.th-nuernberg.de\/portal-digitale-lehre\/wp-content\/uploads\/2022\/08\/Papastavrou_Praxisbericht_Abb3-702x1280.jpg 702w, https:\/\/leko.service.th-nuernberg.de\/portal-digitale-lehre\/wp-content\/uploads\/2022\/08\/Papastavrou_Praxisbericht_Abb3-768x1400.jpg 768w, https:\/\/leko.service.th-nuernberg.de\/portal-digitale-lehre\/wp-content\/uploads\/2022\/08\/Papastavrou_Praxisbericht_Abb3-843x1536.jpg 843w, https:\/\/leko.service.th-nuernberg.de\/portal-digitale-lehre\/wp-content\/uploads\/2022\/08\/Papastavrou_Praxisbericht_Abb3-1123x2048.jpg 1123w, https:\/\/leko.service.th-nuernberg.de\/portal-digitale-lehre\/wp-content\/uploads\/2022\/08\/Papastavrou_Praxisbericht_Abb3-165x300.jpg 165w, https:\/\/leko.service.th-nuernberg.de\/portal-digitale-lehre\/wp-content\/uploads\/2022\/08\/Papastavrou_Praxisbericht_Abb3-1600x2917.jpg 1600w, https:\/\/leko.service.th-nuernberg.de\/portal-digitale-lehre\/wp-content\/uploads\/2022\/08\/Papastavrou_Praxisbericht_Abb3.jpg 2044w\" sizes=\"auto, (max-width: 562px) 100vw, 562px\" \/><figcaption class=\"wp-element-caption\">Abb. 3: Der Demonstrator \u201cDoppelpendel\u201d mit Magnet zur Befestigung an der Tafel. (Foto: A. Papastavrou)<\/figcaption><\/figure>\n\n\n\n<p>Die Veranstaltung wurde wegen der hohen Teilnahmemotivation und der positiven Resonanz zun\u00e4chst weiter angeboten. Im Sommersemester 2020 entstand daraus ein neues Wahlfach, das zum gro\u00dfen Teil auf dem beschriebenen Konzept aufbaut. Au\u00dferdem werden Teile des Konzepts in weitere Veranstaltungen des Bachelor- und Masterstudiums integriert, zum Beispiel werden die entwickelten Pendel-Modelle (Beispiel: siehe Abb. 3) zur Veranschaulichung und zur Konkretisierung abstrakter Inhalte eingesetzt. Flankierend zur Pflichtlehrveranstaltung im Master Maschinenbau \u201eAusgew\u00e4hlte Kapitel der Mathematik und Numerik\u201c wird die beschriebene freiwillige Zusatzveranstaltung \u201eEinf\u00fchrung in Matlab\u201c bei Interesse angeboten. Die im Rahmen des Projektes erarbeiteten \u00dcbungsunterlagen, Aufgaben und das Tutorial werden dar\u00fcberhinaus Studierenden, die sich f\u00fcr Projekt- oder Abschlussarbeiten im Matlab einarbeiten m\u00fcssen, zur Verf\u00fcgung gestellt.<\/p>\n\n\n\n<div class=\"additional-information sidebar-only bluebox\">\n\t<h3 class=\" bluebox-title\" >Inhalt<\/h3>\n\t<div class=\" bluebox-container\">\n\t\t\n\n<ul class=\"wp-block-list\" id=\"block-7ba26f01-f6e5-4044-be41-2609414d0832\">\n<li>Praxisorientiere Veranstaltung mit Fokus auf Demonstratoren und Softwarel\u00f6sung<\/li>\n\n\n\n<li>Verbesserung der Berufschancen<\/li>\n<\/ul>\n\n\t<\/div>\n<\/div>\n\n\n<div class=\"additional-information sidebar-only accordion\">\n\t<h3 class=\" accordion-title\" >Weitere Informationen zu diesem Beitrag<\/h3>\n\t<div class=\" accordion-container\">\n\t\t\n\n<div class=\"wp-block-coblocks-accordion\">\n<div class=\"wp-block-coblocks-accordion-item\"><details><summary class=\"wp-block-coblocks-accordion-item__title\">Anleitungen im Wiki<\/summary><div class=\"wp-block-coblocks-accordion-item__content\">\n<p><a href=\"https:\/\/leko.service.th-nuernberg.de\/wiki-digitale-lehre\/doku.php?id=konzeption_von_lehrveranstaltungen\" target=\"_blank\" rel=\"noopener\">Wiki: Konzeption von Lehrveranstaltungen<\/a><\/p>\n<\/div><\/details><\/div>\n\n\n\n<div class=\"wp-block-coblocks-accordion-item\"><details><summary class=\"wp-block-coblocks-accordion-item__title\">Verwendete Medientechnik<\/summary><div class=\"wp-block-coblocks-accordion-item__content\">\n<p>MATLAB und PC-Arbeitspl\u00e4tze oder Remote-Zugang<\/p>\n<\/div><\/details><\/div>\n\n\n\n<div class=\"wp-block-coblocks-accordion-item\"><details><summary class=\"wp-block-coblocks-accordion-item__title\">Medien und Tools<\/summary><div class=\"wp-block-coblocks-accordion-item__content\">\n<ul class=\"wp-block-list\">\n<li>Tutorial-Skript f\u00fcr die Einf\u00fchrung in MATLAB<\/li>\n\n\n\n<li>Demonstrator (erstellt mit 3D-Druckverfahren)<\/li>\n\n\n\n<li>Pr\u00e4sentationsfolien f\u00fcr Theorie<\/li>\n\n\n\n<li>\u00dcbungsaufgaben<\/li>\n\n\n\n<li>Fertig programmierte Musterl\u00f6sungen der Pendel zur Vorf\u00fchrung<\/li>\n<\/ul>\n<\/div><\/details><\/div>\n\n\n\n<div class=\"wp-block-coblocks-accordion-item\"><details><summary class=\"wp-block-coblocks-accordion-item__title\">Quellen<\/summary><div class=\"wp-block-coblocks-accordion-item__content\">\n<p>Bild im Header: &nbsp;<a rel=\"noopener\" href=\"https:\/\/www.flickr.com\/photos\/lordferguson\/\" target=\"_blank\">Pablo<\/a>,&nbsp;<a rel=\"noopener\" href=\"https:\/\/commons.wikimedia.org\/wiki\/File:Foucault_pendulum_in_Universidad_de_Granada,_2017.jpg\" target=\"_blank\">Foucault pendulum in Universidad de Granada, 2017<\/a>,&nbsp;<a rel=\"noopener\" href=\"https:\/\/creativecommons.org\/licenses\/by-sa\/2.0\/legalcode\" target=\"_blank\">CC BY-SA 2.0<\/a><\/p>\n<\/div><\/details><\/div>\n<\/div>\n\n\t<\/div>\n<\/div>","protected":false},"excerpt":{"rendered":"<p>Interdisziplin\u00e4re Fachinhalte werden aktiv in einem Zusatzkurs zusammengef\u00fchrt und somit die Berufschancen von Studierenden verbessert.<\/p>\n","protected":false},"author":5,"featured_media":1150,"template":"","meta":{"_acf_changed":false,"_coblocks_attr":"","_coblocks_dimensions":"","_coblocks_responsive_height":"","_coblocks_accordion_ie_support":"","_uag_custom_page_level_css":"","site-sidebar-layout":"default","site-content-layout":"","ast-site-content-layout":"default","site-content-style":"default","site-sidebar-style":"default","ast-global-header-display":"","ast-banner-title-visibility":"","ast-main-header-display":"","ast-hfb-above-header-display":"","ast-hfb-below-header-display":"","ast-hfb-mobile-header-display":"","site-post-title":"","ast-breadcrumbs-content":"","ast-featured-img":"","footer-sml-layout":"","theme-transparent-header-meta":"","adv-header-id-meta":"","stick-header-meta":"","header-above-stick-meta":"","header-main-stick-meta":"","header-below-stick-meta":"","astra-migrate-meta-layouts":"set","ast-page-background-enabled":"default","ast-page-background-meta":{"desktop":{"background-color":"var(--ast-global-color-4)","background-image":"","background-repeat":"repeat","background-position":"center center","background-size":"auto","background-attachment":"scroll","background-type":"","background-media":"","overlay-type":"","overlay-color":"","overlay-opacity":"","overlay-gradient":""},"tablet":{"background-color":"","background-image":"","background-repeat":"repeat","background-position":"center center","background-size":"auto","background-attachment":"scroll","background-type":"","background-media":"","overlay-type":"","overlay-color":"","overlay-opacity":"","overlay-gradient":""},"mobile":{"background-color":"","background-image":"","background-repeat":"repeat","background-position":"center center","background-size":"auto","background-attachment":"scroll","background-type":"","background-media":"","overlay-type":"","overlay-color":"","overlay-opacity":"","overlay-gradient":""}},"ast-content-background-meta":{"desktop":{"background-color":"var(--ast-global-color-5)","background-image":"","background-repeat":"repeat","background-position":"center center","background-size":"auto","background-attachment":"scroll","background-type":"","background-media":"","overlay-type":"","overlay-color":"","overlay-opacity":"","overlay-gradient":""},"tablet":{"background-color":"var(--ast-global-color-5)","background-image":"","background-repeat":"repeat","background-position":"center center","background-size":"auto","background-attachment":"scroll","background-type":"","background-media":"","overlay-type":"","overlay-color":"","overlay-opacity":"","overlay-gradient":""},"mobile":{"background-color":"var(--ast-global-color-5)","background-image":"","background-repeat":"repeat","background-position":"center center","background-size":"auto","background-attachment":"scroll","background-type":"","background-media":"","overlay-type":"","overlay-color":"","overlay-opacity":"","overlay-gradient":""}},"footnotes":""},"praxisbeispiel_category":[212,213,193],"praxisbeispiel_invisible_keyword":[],"praxisbeispiel_post_tag":[147,88,230,231,232],"class_list":["post-1145","praxisbeispiel","type-praxisbeispiel","status-publish","has-post-thumbnail","hentry","praxisbeispiel_category-kompetenzentwicklung","praxisbeispiel_category-lehrform","praxisbeispiel_category-lehrmedien","praxisbeispiel_post_tag-aktives-lernen","praxisbeispiel_post_tag-anwendungsbezug","praxisbeispiel_post_tag-anwendungsorientiertes-lernen","praxisbeispiel_post_tag-interdisziplinaeres-wissen","praxisbeispiel_post_tag-praktikum"],"acf":[],"uagb_featured_image_src":{"full":["https:\/\/leko.service.th-nuernberg.de\/portal-digitale-lehre\/wp-content\/uploads\/2022\/08\/Foucault_pendulum_in_Universidad_de_Granada_2017-scaled-1.jpg",2560,1707,false],"thumbnail":["https:\/\/leko.service.th-nuernberg.de\/portal-digitale-lehre\/wp-content\/uploads\/2022\/08\/Foucault_pendulum_in_Universidad_de_Granada_2017-scaled-1-500x500.jpg",500,500,true],"medium":["https:\/\/leko.service.th-nuernberg.de\/portal-digitale-lehre\/wp-content\/uploads\/2022\/08\/Foucault_pendulum_in_Universidad_de_Granada_2017-scaled-1-1024x683.jpg",1024,683,true],"medium_large":["https:\/\/leko.service.th-nuernberg.de\/portal-digitale-lehre\/wp-content\/uploads\/2022\/08\/Foucault_pendulum_in_Universidad_de_Granada_2017-scaled-1-768x512.jpg",768,512,true],"large":["https:\/\/leko.service.th-nuernberg.de\/portal-digitale-lehre\/wp-content\/uploads\/2022\/08\/Foucault_pendulum_in_Universidad_de_Granada_2017-scaled-1-1920x1280.jpg",1920,1280,true],"1536x1536":["https:\/\/leko.service.th-nuernberg.de\/portal-digitale-lehre\/wp-content\/uploads\/2022\/08\/Foucault_pendulum_in_Universidad_de_Granada_2017-scaled-1-1536x1024.jpg",1536,1024,true],"2048x2048":["https:\/\/leko.service.th-nuernberg.de\/portal-digitale-lehre\/wp-content\/uploads\/2022\/08\/Foucault_pendulum_in_Universidad_de_Granada_2017-scaled-1-2048x1366.jpg",2048,1366,true]},"uagb_author_info":{"display_name":"Regina Str\u00f6\u00dfner","author_link":"https:\/\/leko.service.th-nuernberg.de\/portal-digitale-lehre\/author\/regina\/"},"uagb_comment_info":0,"uagb_excerpt":"Interdisziplin\u00e4re Fachinhalte werden aktiv in einem Zusatzkurs zusammengef\u00fchrt und somit die Berufschancen von Studierenden verbessert.","_links":{"self":[{"href":"https:\/\/leko.service.th-nuernberg.de\/portal-digitale-lehre\/wp-json\/wp\/v2\/praxisbeispiel\/1145","targetHints":{"allow":["GET"]}}],"collection":[{"href":"https:\/\/leko.service.th-nuernberg.de\/portal-digitale-lehre\/wp-json\/wp\/v2\/praxisbeispiel"}],"about":[{"href":"https:\/\/leko.service.th-nuernberg.de\/portal-digitale-lehre\/wp-json\/wp\/v2\/types\/praxisbeispiel"}],"author":[{"embeddable":true,"href":"https:\/\/leko.service.th-nuernberg.de\/portal-digitale-lehre\/wp-json\/wp\/v2\/users\/5"}],"version-history":[{"count":0,"href":"https:\/\/leko.service.th-nuernberg.de\/portal-digitale-lehre\/wp-json\/wp\/v2\/praxisbeispiel\/1145\/revisions"}],"wp:featuredmedia":[{"embeddable":true,"href":"https:\/\/leko.service.th-nuernberg.de\/portal-digitale-lehre\/wp-json\/wp\/v2\/media\/1150"}],"wp:attachment":[{"href":"https:\/\/leko.service.th-nuernberg.de\/portal-digitale-lehre\/wp-json\/wp\/v2\/media?parent=1145"}],"wp:term":[{"taxonomy":"praxisbeispiel_category","embeddable":true,"href":"https:\/\/leko.service.th-nuernberg.de\/portal-digitale-lehre\/wp-json\/wp\/v2\/praxisbeispiel_category?post=1145"},{"taxonomy":"praxisbeispiel_invisible_keyword","embeddable":true,"href":"https:\/\/leko.service.th-nuernberg.de\/portal-digitale-lehre\/wp-json\/wp\/v2\/praxisbeispiel_invisible_keyword?post=1145"},{"taxonomy":"praxisbeispiel_post_tag","embeddable":true,"href":"https:\/\/leko.service.th-nuernberg.de\/portal-digitale-lehre\/wp-json\/wp\/v2\/praxisbeispiel_post_tag?post=1145"}],"curies":[{"name":"wp","href":"https:\/\/api.w.org\/{rel}","templated":true}]}}