{"id":2244,"date":"2023-01-09T11:04:37","date_gmt":"2023-01-09T10:04:37","guid":{"rendered":"https:\/\/portal-digitale-lehre.lichtschreiber.de\/?post_type=praxisbeispiel&#038;p=2244"},"modified":"2025-04-15T14:47:49","modified_gmt":"2025-04-15T12:47:49","slug":"interdisziplinaeres-praktikum-fuer-praxisbezogene-lernerfahrungen","status":"publish","type":"praxisbeispiel","link":"https:\/\/leko.service.th-nuernberg.de\/portal-digitale-lehre\/praxisbeispiele\/interdisziplinaeres-praktikum-fuer-praxisbezogene-lernerfahrungen\/","title":{"rendered":"Interdisziplin\u00e4res Praktikum f\u00fcr praxisbezogene Lernerfahrungen"},"content":{"rendered":"\n<p>In diesem Praxisbeispiel erfahren Sie, wie eine fakult\u00e4ts\u00fcbergreifende Zusammenarbeit anhand eines interdisziplin\u00e4ren Praktikums den Studierenden praxisbezogene Lernerfahrungen erm\u00f6glicht und zugleich Kompetenzen f\u00f6rdert. Sie erhalten einen Einblick in den Aufbau, die Herausforderungen sowie Vorteile der Kooperation innerhalb des Praktikums.<\/p>\n\n\n\n<h2 class=\"wp-block-heading\"><strong>Die Herausforderung<\/strong><\/h2>\n\n\n\n<p>Das interdisziplin\u00e4re Arbeiten zwischen verschiedenen Fachbereichen und an unterschiedlichen Schnittstellen ist ein wesentlicher Bestandteil der heutigen Arbeitswelt. Auch in den Studieng\u00e4ngen verschiedener Fakult\u00e4ten finden sich immer wieder \u00e4hnliche Projekte, Inhalte und Themengebiete wieder, werden jedoch aus unterschiedlichen Blickwinkeln bearbeitet. Eine interdisziplin\u00e4re Zusammenarbeit w\u00e4re hier durchaus w\u00fcnschenswert, um bereits w\u00e4hrend des Studiums die unterschiedlichen Fachrichtungen f\u00fcr andere Bereiche und Themen zu sensibilisieren. Die Trennung der Fakult\u00e4ten und Stundenpl\u00e4ne erschwert jedoch eine Kollaboration in den Modulen, welche f\u00fcr praxisnahe Erfahrungen der Studierenden w\u00fcnschenswert ist.<\/p>\n\n\n\n<h2 class=\"wp-block-heading\"><strong>Die L\u00f6sung<\/strong><\/h2>\n\n\n\n<p>Die Lehrenden Prof. Tilman Zitzmann aus der Fakult\u00e4t Design, Prof. Dr. Patrick Harms, Leiter des OHM-UX, sowie Mitarbeiterin und Medienp\u00e4dagogin Frau Katrin Proschek erkannten den Mehrwert in einer Zusammenarbeit ihrer Fachgebiete im interdisziplin\u00e4ren Berufsfeld User Experience (UX). Ihr Seminar \u201eDigital Experience Design\u201c und das Praktikum \u201eUsability Engineering\u201c verliefen bisher getrennt voneinander. Im Wintersemester 2021\/22 erm\u00f6glichten die Lehrenden den Studierenden jedoch erstmals eine interdisziplin\u00e4re Kooperation.<\/p>\n\n\n\n<p>Das neue Konzept verkn\u00fcpft dabei das Modul \u201eDigital Experience Design\u201c des Bachelorstudiengangs Design abwechselnd mit den Modulen \u201eErgonomie und Usability Engineering\u201c des Bachelorstudiengangs \u201eMedia Engineering\u201c sowie \u201cUsability Engineering\u201d in den Masterstudieng\u00e4ngen \u201eElektronische und Mechatronische Systeme\u201c und \u201eApplied Research in Engineering Sciences\u201c.<\/p>\n\n\n\n<p>Im Praktikum entwickeln und gestalten die Studierenden der beiden jeweiligen Disziplinen gemeinsam einen Prototyp f\u00fcr eine Smartphone App. Dabei verfolgt jeder Fachbereich weiterhin seinen eigenen Fokus, erg\u00e4nzt die Erfahrungen aber \u00fcber die eigene Disziplin hinaus. So gestalten die Designer*innen die Smartphone App mit Ans\u00e4tzen der User Experience und testen Funktionalit\u00e4ten aus Design-Perspektive. Die Studierenden der Engineering Kurse legen Ihren Fokus hingegen auf die Evaluation. Schnittpunkte ergeben sich vor allem bei der gemeinsamen Erarbeitung der Anforderungen, der prototypischen Entwicklung und dem Testen der Smartphone App.<\/p>\n\n\n\n<p>Wo zuvor die jeweiligen Fachbereiche getrennt Ihr Praktikum durchliefen, erhalten alle Studierenden die M\u00f6glichkeit vielschichtige Lernerfahrungen in den Prozessen der Entwicklung, Gestaltung, Evaluation und der Usability zu sammeln.<\/p>\n\n\n\n<figure class=\"wp-block-image alignleft size-large\"><img loading=\"lazy\" decoding=\"async\" width=\"1707\" height=\"1280\" src=\"https:\/\/leko.service.th-nuernberg.de\/portal-digitale-lehre\/wp-content\/uploads\/2022\/12\/photo-2022-01-27-15-46-39-1-1-1707x1280.jpg\" alt=\"Landesgartenschau App Plantista Carlotta Kiefhaber, Maite Oswald, Gajane Chatschaturow WiSe 21-22\" class=\"wp-image-2246\" srcset=\"https:\/\/leko.service.th-nuernberg.de\/portal-digitale-lehre\/wp-content\/uploads\/2022\/12\/photo-2022-01-27-15-46-39-1-1-1707x1280.jpg 1707w, https:\/\/leko.service.th-nuernberg.de\/portal-digitale-lehre\/wp-content\/uploads\/2022\/12\/photo-2022-01-27-15-46-39-1-1-1024x768.jpg 1024w, https:\/\/leko.service.th-nuernberg.de\/portal-digitale-lehre\/wp-content\/uploads\/2022\/12\/photo-2022-01-27-15-46-39-1-1-768x576.jpg 768w, https:\/\/leko.service.th-nuernberg.de\/portal-digitale-lehre\/wp-content\/uploads\/2022\/12\/photo-2022-01-27-15-46-39-1-1-1536x1152.jpg 1536w, https:\/\/leko.service.th-nuernberg.de\/portal-digitale-lehre\/wp-content\/uploads\/2022\/12\/photo-2022-01-27-15-46-39-1-1.jpg 2000w\" sizes=\"auto, (max-width: 1707px) 100vw, 1707px\" \/><figcaption class=\"wp-element-caption\">Abbildung 1: Landesgartenschau App Plantista Carlotta Kiefhaber, Maite Oswald, Gajane Chatschaturow WiSe 21-22<\/figcaption><\/figure>\n\n\n\n<h2 class=\"wp-block-heading\"><strong>Ablauf des Praktikums<\/strong><\/h2>\n\n\n\n<p>Initiiert wird das Praktikum durch eine Einf\u00fchrungsveranstaltung, an der sowohl Designer*innen als auch Engineers teilnehmen. Die Veranstaltung dient dazu, dass sich die Studierenden kennen lernen, Gruppen bilden und den Grundstein f\u00fcr die Aufgabe im Praktikum legen. Im Schnitt bilden sich 10 Teams, die je eine Smartphone App als Prototyp entwickeln.<\/p>\n\n\n\n<p>Das Thema ist seit dem Wintersemester 2022\/23 die Entwicklung einer App zur Studienunterst\u00fctzung. Dies gibt den Studierenden einen relevanten Bezug zum Produkt und setzt Sie selbst als Zielgruppe in den Fokus. Dies kann die Motivation zur Produktentwicklung ma\u00dfgeblich steigern.<\/p>\n\n\n\n<p>In der Erarbeitung der Aufgabe durchlaufen die Studierenden die Prozesse der Konzeption, der Anforderungserhebung, der Dokumentation, sowie der Erstellung von Personas, Nutzungsszenarios oder User Journeys.<\/p>\n\n\n\n<p>Im Verlauf des Praktikums organisieren sich die Gruppen selbst, meist asynchron \u00fcber digitale Kommunikationskan\u00e4le und Tools.<\/p>\n\n\n\n<p>Die Erarbeitung und Ergebnisse der Zusammenarbeit an einem Prototyp werden auf einem Miro-Board gesammelt. Somit k\u00f6nnen die Teammitglieder sowie Lehrpersonen jederzeit den Prozess der Entwicklung einsehen, was die asynchrone Arbeit unterst\u00fctzt.<\/p>\n\n\n\n<p>Die Betreuung der Studierenden durch die Lehrenden findet weiterhin in den jeweiligen Kursen statt. Dort erhalten die Studierenden parallel zu dem Projekt das ben\u00f6tigte Wissen und Feedback. Auch Fragen und Herausforderungen k\u00f6nnen hier gekl\u00e4rt werden. Die Lehrenden nehmen in dem Projekt die Rolle von Coaches ein.<\/p>\n\n\n\n<p>Die Pr\u00fcfung am Ende des Praktikums findet weiterhin \u00fcber die jeweiligen Kurse statt, in jeweils unterschiedlicher Form. In den Engineering Kursen wird eine schriftliche Pr\u00fcfung absolviert im Kurs der Designer entspricht die Art der Pr\u00fcfung einer Studienarbeit.<\/p>\n\n\n\n<p>Ein gemeinsamer Termin am Ende des Praktikums schlie\u00dft den Kurs und die Zusammenarbeit ab. Die Studierenden haben zudem die M\u00f6glichkeit Feedback zu dem Praktikum auf einem Miro-Board zu geben. Dies erm\u00f6glicht die Verbesserungen der folgenden Semester.<\/p>\n\n\n\n<h2 class=\"wp-block-heading\">Vorteile der interdisziplin\u00e4ren Zusammenarbeit<\/h2>\n\n\n\n<p>Das interdisziplin\u00e4re Praktikum macht die reale Arbeitswelt und die Zusammenarbeit verschiedener Fachbereiche f\u00fcr die Studierenden erleb- und erfahrbar. Dies f\u00f6rdert zus\u00e4tzlich zu den praxisnahen Erfahrungen auch vielseitige Kompetenzen, darunter die Kommunikationsf\u00e4higkeit, die Koordination und Organisation, das selbstgesteuerte Lernen und einiges mehr.<\/p>\n\n\n\n<p>Das Lernziel des Praktikums ist die fach\u00fcbergreifende Sprach- und Handlungsf\u00e4higkeit der Studierenden zu f\u00f6rdern. Anforderungen aus der Praxis werden durch die Zusammenarbeit direkt abgebildet, was den Studierenden den Einstieg in die moderne Berufswelt erleichtert.<\/p>\n\n\n\n<p>Ein wichtiger Aspekt der Mensch-orientierten Produktentwicklung und -gestaltung, ist der Fokus auf die Bed\u00fcrfnisse der jeweiligen Zielgruppe. Im Kurs erhalten die Studierenden die Zeit, sich intensiv mit ihrer Zielgruppe und den Motivationen sowie Bed\u00fcrfnissen ihrer Nutzer*innen auseinander zu setzen. <\/p>\n\n\n\n<p>Weiterhin er\u00f6ffnet das Praktikum Erfahrungswerte und Wissensbereiche, die \u00fcber den eigenen Fachbereich hinaus gehen. Anders als bei getrennten Praktika, haben die Studierenden die Chance durch nutzerorientiertes Feedback und der Erg\u00e4nzung durch den anderen Fachbereich die App umfangreicher zu entwickeln. Beispielsweise profitieren die Designerinnen durch die Mitwirkung der Engineers von durchdachteren Konzepten, pr\u00e4ziseren Interaktionen und genaueren Zielgruppenanalysen. Dies war in solchem Umfang zuvor nicht m\u00f6glich. Die Studierenden aus dem Fachbereich Engineering wiederum k\u00f6nnen anhand der designten Prototypen umfassende Evaluationsergebnisse erarbeiten und bekommen zudem grundlegende Einblicke in die vielf\u00e4ltigen zu beachtenden Designaspekte.<\/p>\n\n\n\n<p>Auch die digitalen Medien bereichern die Art des Praktikums. Die Prototypen lassen sich \u00fcber Tools, wie beispielsweise Adobe XD und Figma ganz einfach \u00fcbertragen und bereitstellen. Austausch und Testing kann somit jederzeit stattfinden. Die Ergebnisse sind f\u00fcr jede involvierte Person einseh- und erfahrbar.<\/p>\n\n\n\n<figure class=\"wp-block-image size-full\"><img loading=\"lazy\" decoding=\"async\" width=\"1280\" height=\"853\" src=\"https:\/\/leko.service.th-nuernberg.de\/portal-digitale-lehre\/wp-content\/uploads\/2023\/01\/mockups_drei.jpg\" alt=\"Mockups der Landesgartenschau App Climate Collectors Lisa Memmler, Fiona Sauvageot WiSe 21-22\" class=\"wp-image-2273\" srcset=\"https:\/\/leko.service.th-nuernberg.de\/portal-digitale-lehre\/wp-content\/uploads\/2023\/01\/mockups_drei.jpg 1280w, https:\/\/leko.service.th-nuernberg.de\/portal-digitale-lehre\/wp-content\/uploads\/2023\/01\/mockups_drei-1024x682.jpg 1024w, https:\/\/leko.service.th-nuernberg.de\/portal-digitale-lehre\/wp-content\/uploads\/2023\/01\/mockups_drei-768x512.jpg 768w\" sizes=\"auto, (max-width: 1280px) 100vw, 1280px\" \/><figcaption class=\"wp-element-caption\">Abbildung 2: Mockups der Landesgartenschau App Climate Collectors Lisa Memmler, Fiona Sauvageot WiSe 21-22 <\/figcaption><\/figure>\n\n\n\n<h2 class=\"wp-block-heading\">Erfahrungen und Feedback<\/h2>\n\n\n\n<p>Das Praktikum wurde bereits drei Mal in dieser Form durchgef\u00fchrt. Bei der Zusammenf\u00fchrung der Praktika mussten die bestehenden Kurse nur zu kleinen Teilen angepasst werden. Darunter beispielsweise die Reihenfolge der Inhalte, damit das Wissen im Projekt zur entsprechenden Phase bekannt ist. Auf der Ebene der Module und Stundenpl\u00e4ne fand keine \u00c4nderung statt. Erg\u00e4nzt wurden die Termine zur Einf\u00fchrung und f\u00fcr den Abschluss. Auch die Vermittlung von Lehrinhalten wird wie zuvor gesteuert. So werden im Studiengang Design die Lehrinhalte \u00fcber das Wiki der Fakult\u00e4t Design und f\u00fcr die Engineers in einem Moodle-Kurs zur Verf\u00fcgung gestellt.<\/p>\n\n\n\n<p>Der Aufwand f\u00fcr die Studierenden bleibt \u00e4hnlich und ist den ECTS weiterhin angemessen. Die Organisation der Gruppenarbeit innerhalb des Praktikums \u00fcbernehmen und koordinieren die Studierenden selbst. Die Erfahrung aus den drei durchgef\u00fchrten Praktika hat gezeigt, dass diese Art der Zusammenarbeit gut funktioniert. Die Teamentwicklung wird von den Lehrenden und Lernenden positiv wahrgenommen.<\/p>\n\n\n\n<p>Allerdings ist die Organisation, gerade am Anfang und Ende eines Praktikums, z.B. mit der Vereinbarung gemeinsamer Termine, von Studieng\u00e4ngen unterschiedlicher Fakult\u00e4ten schwierig.<\/p>\n\n\n\n<p>Wichtig ist hier die Kommunikation zwischen den Lehrenden, denn gerade durch ihr Engagement, wird das Praktikum in dieser Art \u2013 der interdisziplin\u00e4ren Zusammenarbeit \u2013 \u00fcberhaupt m\u00f6glich. Diesen zus\u00e4tzlichen Aufwand nehmen die Lehrpersonen f\u00fcr die gr\u00f6\u00dferen Lerneffekte gerne in Kauf. Der Erfolg zeigt sich auch in der Evaluation und dem Feedback der Studierenden, die sowohl positiv als auch konstruktiv ausfallen.<\/p>\n\n\n\n<h4 class=\"wp-block-heading\">Ausschnitte aus dem Feedback von Studierenden<\/h4>\n\n\n\n<div class=\"wp-block-uagb-testimonial uagb-slick-carousel uagb-tm__arrow-outside uagb-block-f641e11d\"><div class=\"is-carousel uagb-tm__columns-1 uagb-tm__items\"><div class=\"uagb-testimonial__wrap  uagb-tm__imgicon-style-circle uagb-tm__image-position-bottom uagb-tm__bg-type-none \"><div class=\"uagb-tm__content\"><div class=\"uagb-tm__overlay\"><\/div><div class=\"uagb-tm__text-wrap\"><div class=\"uagb-tm__desc\">Was lief gut im Praktikum?<br><em>\u201eSehr unkompliziert\u201c<\/em><\/div><div class=\"uagb-tm__meta-inner\"><div class=\"uagb-testimonial-details\"><span class=\"uagb-tm__author-name\"><\/span><span class=\"uagb-tm__company\"><\/span><\/div><\/div><\/div><\/div><\/div><div class=\"uagb-testimonial__wrap  uagb-tm__imgicon-style-circle uagb-tm__image-position-bottom uagb-tm__bg-type-none \"><div class=\"uagb-tm__content\"><div class=\"uagb-tm__overlay\"><\/div><div class=\"uagb-tm__text-wrap\"><div class=\"uagb-tm__desc\">Was lief gut im Praktikum?<br><em>\u201eMan war haupts\u00e4chlich selbstverantwortlich\u201c<\/em><\/div><div class=\"uagb-tm__meta-inner\"><div class=\"uagb-testimonial-details\"><span class=\"uagb-tm__author-name\"><\/span><span class=\"uagb-tm__company\"><\/span><\/div><\/div><\/div><\/div><\/div><div class=\"uagb-testimonial__wrap  uagb-tm__imgicon-style-circle uagb-tm__image-position-bottom uagb-tm__bg-type-none \"><div class=\"uagb-tm__content\"><div class=\"uagb-tm__overlay\"><\/div><div class=\"uagb-tm__text-wrap\"><div class=\"uagb-tm__desc\">Wie beurteilen Sie die interdisziplin\u00e4re Zusammenarbeit?<br><em>\u201eZufrieden. Aber schwierig ein gemeinsamen Termin zu finden zwischen Designis und ME zur Bearbeitung von Inhalte, wegen unterschiedlicher Stundenplan\u201c<\/em><\/div><div class=\"uagb-tm__meta-inner\"><div class=\"uagb-testimonial-details\"><span class=\"uagb-tm__author-name\"><\/span><span class=\"uagb-tm__company\"><\/span><\/div><\/div><\/div><\/div><\/div><div class=\"uagb-testimonial__wrap  uagb-tm__imgicon-style-circle uagb-tm__image-position-bottom uagb-tm__bg-type-none \"><div class=\"uagb-tm__content\"><div class=\"uagb-tm__overlay\"><\/div><div class=\"uagb-tm__text-wrap\"><div class=\"uagb-tm__desc\">Wie beurteilen Sie die interdisziplin\u00e4re Zusammenarbeit?<br><em>\u201eSehr zufrieden mit den Designs. Gibt aber bestimmt auch Gruppen, die damit Probleme hatten\u201c<\/em><\/div><div class=\"uagb-tm__meta-inner\"><div class=\"uagb-testimonial-details\"><span class=\"uagb-tm__author-name\"><\/span><span class=\"uagb-tm__company\"><\/span><\/div><\/div><\/div><\/div><\/div><div class=\"uagb-testimonial__wrap  uagb-tm__imgicon-style-circle uagb-tm__image-position-bottom uagb-tm__bg-type-none \"><div class=\"uagb-tm__content\"><div class=\"uagb-tm__overlay\"><\/div><div class=\"uagb-tm__text-wrap\"><div class=\"uagb-tm__desc\">Wie beurteilen Sie die interdisziplin\u00e4re Zusammenarbeit?<br><em>\u201eNette Designi, hat perfekt funktioniert\u201c<\/em><\/div><div class=\"uagb-tm__meta-inner\"><div class=\"uagb-testimonial-details\"><span class=\"uagb-tm__author-name\"><\/span><span class=\"uagb-tm__company\"><\/span><\/div><\/div><\/div><\/div><\/div><div class=\"uagb-testimonial__wrap  uagb-tm__imgicon-style-circle uagb-tm__image-position-bottom uagb-tm__bg-type-none \"><div class=\"uagb-tm__content\"><div class=\"uagb-tm__overlay\"><\/div><div class=\"uagb-tm__text-wrap\"><div class=\"uagb-tm__desc\">Welche Lerninhalte waren f\u00fcr Sie besonders wertvoll?<br><em>\u201eAllgemein den Prozess kennenzulernen, wie so eine Appkonzipierung abl\u00e4uft\u201c<\/em><\/div><div class=\"uagb-tm__meta-inner\"><div class=\"uagb-testimonial-details\"><span class=\"uagb-tm__author-name\"><\/span><span class=\"uagb-tm__company\"><\/span><\/div><\/div><\/div><\/div><\/div><div class=\"uagb-testimonial__wrap  uagb-tm__imgicon-style-circle uagb-tm__image-position-bottom uagb-tm__bg-type-none \"><div class=\"uagb-tm__content\"><div class=\"uagb-tm__overlay\"><\/div><div class=\"uagb-tm__text-wrap\"><div class=\"uagb-tm__desc\">Welche Lerninhalte waren f\u00fcr Sie besonders wertvoll?<br><em>\u201eCognitive Walkthrough\u201c<\/em><\/div><div class=\"uagb-tm__meta-inner\"><div class=\"uagb-testimonial-details\"><span class=\"uagb-tm__author-name\"><\/span><span class=\"uagb-tm__company\"><\/span><\/div><\/div><\/div><\/div><\/div><div class=\"uagb-testimonial__wrap  uagb-tm__imgicon-style-circle uagb-tm__image-position-bottom uagb-tm__bg-type-none \"><div class=\"uagb-tm__content\"><div class=\"uagb-tm__overlay\"><\/div><div class=\"uagb-tm__text-wrap\"><div class=\"uagb-tm__desc\">Was k\u00f6nnen wir noch verbessern?<br><em>\u201eZu wenig Zeit zur Besprechung der Praktikumsstoffs (bsp.: Von 3 personas die man vorbereiten musst f\u00fcr das Praktikum, hat man nur eine geschafft zu besprechen)\u201c<\/em><\/div><div class=\"uagb-tm__meta-inner\"><div class=\"uagb-testimonial-details\"><span class=\"uagb-tm__author-name\"><\/span><span class=\"uagb-tm__company\"><\/span><\/div><\/div><\/div><\/div><\/div><\/div><\/div>\n\n\n\n<p>Eine anf\u00e4ngliche Bef\u00fcrchtung, dass die Kultur zwischen den Fakult\u00e4ten und Studieng\u00e4ngen schwierig sein k\u00f6nnte, hat sich nicht best\u00e4tigt. Im Gegenteil, die Studierenden sowie die Lehrenden befinden sich auf Augenh\u00f6he. Jeder im Team ist wichtig, es entsteht kein Wettbewerb zwischen den beiden Disziplinen und der Austausch zwischen den Fachbereichen wird sehr gesch\u00e4tzt.<\/p>\n\n\n\n<p>Ein Wunsch zeichnet sich f\u00fcr die Zukunft der interdisziplin\u00e4ren Zusammenarbeit zwischen unterschiedlichen Fakult\u00e4ten ab. Das Aufbauen von disziplin\u00fcbergreifenden Kursen und Veranstaltungen, um Kompetenzen f\u00f6rdern und Lerneffekte zu steigern, muss vor allem auf administrativer Ebene, wie z.B. durch den Abgleich von Stundenpl\u00e4nen, vereinfacht werden.<\/p>\n\n\n\n<div class=\"additional-information sidebar-only bluebox\">\n\t<h3 class=\" bluebox-title\" >Inhalt<\/h3>\n\t<div class=\" bluebox-container\">\n\t\t\n\n<ul class=\"wp-block-list\">\n<li>Kooperation der Lehrenden f\u00fcr ein interdisziplin\u00e4res Praktikum<\/li>\n\n\n\n<li>Ablauf der Zusammenarbeit und Entwicklung eines Smartphone Prototyps innerhalb eines Semesters<\/li>\n\n\n\n<li>Mehrwert f\u00fcr die Studierenden durch berufsnahe Zusammenarbeit<\/li>\n<\/ul>\n\n\t<\/div>\n<\/div>\n\n\n<div class=\"additional-information sidebar-only accordion\">\n\t<h3 class=\" accordion-title\" >Weitere Informationen zu diesem Beitrag<\/h3>\n\t<div class=\" accordion-container\">\n\t\t\n\n<div class=\"wp-block-coblocks-accordion\">\n<div class=\"wp-block-coblocks-accordion-item\"><details><summary class=\"wp-block-coblocks-accordion-item__title\">Anleitungen im Wiki<\/summary><div class=\"wp-block-coblocks-accordion-item__content\">\n<ul class=\"wp-block-list\">\n<li><a href=\"https:\/\/leko.service.th-nuernberg.de\/wiki-digitale-lehre\/doku.php?id=moodle4\" target=\"_blank\" rel=\"noopener\">Wiki: Einf\u00fchrung zu Moodle<\/a><\/li>\n<\/ul>\n<\/div><\/details><\/div>\n\n\n\n<div class=\"wp-block-coblocks-accordion-item\"><details><summary class=\"wp-block-coblocks-accordion-item__title\">Medien und Tools<\/summary><div class=\"wp-block-coblocks-accordion-item__content\">\n<ul class=\"wp-block-list\">\n<li><a rel=\"noopener\" href=\"https:\/\/miro.com\/\" target=\"_blank\">Miro<\/a><\/li>\n\n\n\n<li><a href=\"https:\/\/www.figma.com\/de\/\" target=\"_blank\" rel=\"noopener\">Figma<\/a><\/li>\n\n\n\n<li><a href=\"https:\/\/www.adobe.com\/lu_de\/creativecloud.html\" target=\"_blank\" rel=\"noopener\">Adobe XD<\/a><\/li>\n<\/ul>\n<\/div><\/details><\/div>\n<\/div>\n\n\t<\/div>\n<\/div>","protected":false},"excerpt":{"rendered":"<p>Ein interdisziplin\u00e4res Praktikum erm\u00f6glicht Studierenden berufsnahe Lernerfahrungen zu sammeln und f\u00f6rdert zugleich vielseitige Kompetenzen.<\/p>\n","protected":false},"author":5,"featured_media":2246,"template":"","meta":{"_acf_changed":false,"_coblocks_attr":"","_coblocks_dimensions":"","_coblocks_responsive_height":"","_coblocks_accordion_ie_support":"","_uag_custom_page_level_css":"","site-sidebar-layout":"default","site-content-layout":"","ast-site-content-layout":"default","site-content-style":"default","site-sidebar-style":"default","ast-global-header-display":"","ast-banner-title-visibility":"","ast-main-header-display":"","ast-hfb-above-header-display":"","ast-hfb-below-header-display":"","ast-hfb-mobile-header-display":"","site-post-title":"","ast-breadcrumbs-content":"","ast-featured-img":"","footer-sml-layout":"","theme-transparent-header-meta":"","adv-header-id-meta":"","stick-header-meta":"","header-above-stick-meta":"","header-main-stick-meta":"","header-below-stick-meta":"","astra-migrate-meta-layouts":"set","ast-page-background-enabled":"default","ast-page-background-meta":{"desktop":{"background-color":"var(--ast-global-color-4)","background-image":"","background-repeat":"repeat","background-position":"center center","background-size":"auto","background-attachment":"scroll","background-type":"","background-media":"","overlay-type":"","overlay-color":"","overlay-opacity":"","overlay-gradient":""},"tablet":{"background-color":"","background-image":"","background-repeat":"repeat","background-position":"center center","background-size":"auto","background-attachment":"scroll","background-type":"","background-media":"","overlay-type":"","overlay-color":"","overlay-opacity":"","overlay-gradient":""},"mobile":{"background-color":"","background-image":"","background-repeat":"repeat","background-position":"center center","background-size":"auto","background-attachment":"scroll","background-type":"","background-media":"","overlay-type":"","overlay-color":"","overlay-opacity":"","overlay-gradient":""}},"ast-content-background-meta":{"desktop":{"background-color":"var(--ast-global-color-5)","background-image":"","background-repeat":"repeat","background-position":"center center","background-size":"auto","background-attachment":"scroll","background-type":"","background-media":"","overlay-type":"","overlay-color":"","overlay-opacity":"","overlay-gradient":""},"tablet":{"background-color":"var(--ast-global-color-5)","background-image":"","background-repeat":"repeat","background-position":"center center","background-size":"auto","background-attachment":"scroll","background-type":"","background-media":"","overlay-type":"","overlay-color":"","overlay-opacity":"","overlay-gradient":""},"mobile":{"background-color":"var(--ast-global-color-5)","background-image":"","background-repeat":"repeat","background-position":"center center","background-size":"auto","background-attachment":"scroll","background-type":"","background-media":"","overlay-type":"","overlay-color":"","overlay-opacity":"","overlay-gradient":""}},"footnotes":""},"praxisbeispiel_category":[212,213],"praxisbeispiel_invisible_keyword":[],"praxisbeispiel_post_tag":[88,565,566,567,619,569,621,232,324,568,620,150,356,622,623],"class_list":["post-2244","praxisbeispiel","type-praxisbeispiel","status-publish","has-post-thumbnail","hentry","praxisbeispiel_category-kompetenzentwicklung","praxisbeispiel_category-lehrform","praxisbeispiel_post_tag-anwendungsbezug","praxisbeispiel_post_tag-app-entwicklung","praxisbeispiel_post_tag-design","praxisbeispiel_post_tag-engineer","praxisbeispiel_post_tag-gemeinschaftliche-aufgabe","praxisbeispiel_post_tag-interdisziplinaer","praxisbeispiel_post_tag-persoenlichkeitsentwicklung","praxisbeispiel_post_tag-praktikum","praxisbeispiel_post_tag-programmierung","praxisbeispiel_post_tag-prototyp","praxisbeispiel_post_tag-qualifizierung","praxisbeispiel_post_tag-selbstgesteuertes-lernen","praxisbeispiel_post_tag-usability","praxisbeispiel_post_tag-vielfalt","praxisbeispiel_post_tag-weiterentwicklung"],"acf":[],"uagb_featured_image_src":{"full":["https:\/\/leko.service.th-nuernberg.de\/portal-digitale-lehre\/wp-content\/uploads\/2022\/12\/photo-2022-01-27-15-46-39-1-1.jpg",2000,1500,false],"thumbnail":["https:\/\/leko.service.th-nuernberg.de\/portal-digitale-lehre\/wp-content\/uploads\/2022\/12\/photo-2022-01-27-15-46-39-1-1-500x500.jpg",500,500,true],"medium":["https:\/\/leko.service.th-nuernberg.de\/portal-digitale-lehre\/wp-content\/uploads\/2022\/12\/photo-2022-01-27-15-46-39-1-1-1024x768.jpg",1024,768,true],"medium_large":["https:\/\/leko.service.th-nuernberg.de\/portal-digitale-lehre\/wp-content\/uploads\/2022\/12\/photo-2022-01-27-15-46-39-1-1-768x576.jpg",768,576,true],"large":["https:\/\/leko.service.th-nuernberg.de\/portal-digitale-lehre\/wp-content\/uploads\/2022\/12\/photo-2022-01-27-15-46-39-1-1-1707x1280.jpg",1707,1280,true],"1536x1536":["https:\/\/leko.service.th-nuernberg.de\/portal-digitale-lehre\/wp-content\/uploads\/2022\/12\/photo-2022-01-27-15-46-39-1-1-1536x1152.jpg",1536,1152,true],"2048x2048":["https:\/\/leko.service.th-nuernberg.de\/portal-digitale-lehre\/wp-content\/uploads\/2022\/12\/photo-2022-01-27-15-46-39-1-1.jpg",2000,1500,false]},"uagb_author_info":{"display_name":"Regina Str\u00f6\u00dfner","author_link":"https:\/\/leko.service.th-nuernberg.de\/portal-digitale-lehre\/author\/regina\/"},"uagb_comment_info":0,"uagb_excerpt":"Ein interdisziplin\u00e4res Praktikum erm\u00f6glicht Studierenden berufsnahe Lernerfahrungen zu sammeln und f\u00f6rdert zugleich vielseitige Kompetenzen.","_links":{"self":[{"href":"https:\/\/leko.service.th-nuernberg.de\/portal-digitale-lehre\/wp-json\/wp\/v2\/praxisbeispiel\/2244","targetHints":{"allow":["GET"]}}],"collection":[{"href":"https:\/\/leko.service.th-nuernberg.de\/portal-digitale-lehre\/wp-json\/wp\/v2\/praxisbeispiel"}],"about":[{"href":"https:\/\/leko.service.th-nuernberg.de\/portal-digitale-lehre\/wp-json\/wp\/v2\/types\/praxisbeispiel"}],"author":[{"embeddable":true,"href":"https:\/\/leko.service.th-nuernberg.de\/portal-digitale-lehre\/wp-json\/wp\/v2\/users\/5"}],"version-history":[{"count":1,"href":"https:\/\/leko.service.th-nuernberg.de\/portal-digitale-lehre\/wp-json\/wp\/v2\/praxisbeispiel\/2244\/revisions"}],"predecessor-version":[{"id":3051,"href":"https:\/\/leko.service.th-nuernberg.de\/portal-digitale-lehre\/wp-json\/wp\/v2\/praxisbeispiel\/2244\/revisions\/3051"}],"wp:featuredmedia":[{"embeddable":true,"href":"https:\/\/leko.service.th-nuernberg.de\/portal-digitale-lehre\/wp-json\/wp\/v2\/media\/2246"}],"wp:attachment":[{"href":"https:\/\/leko.service.th-nuernberg.de\/portal-digitale-lehre\/wp-json\/wp\/v2\/media?parent=2244"}],"wp:term":[{"taxonomy":"praxisbeispiel_category","embeddable":true,"href":"https:\/\/leko.service.th-nuernberg.de\/portal-digitale-lehre\/wp-json\/wp\/v2\/praxisbeispiel_category?post=2244"},{"taxonomy":"praxisbeispiel_invisible_keyword","embeddable":true,"href":"https:\/\/leko.service.th-nuernberg.de\/portal-digitale-lehre\/wp-json\/wp\/v2\/praxisbeispiel_invisible_keyword?post=2244"},{"taxonomy":"praxisbeispiel_post_tag","embeddable":true,"href":"https:\/\/leko.service.th-nuernberg.de\/portal-digitale-lehre\/wp-json\/wp\/v2\/praxisbeispiel_post_tag?post=2244"}],"curies":[{"name":"wp","href":"https:\/\/api.w.org\/{rel}","templated":true}]}}